{"id":32,"date":"2015-12-24T10:53:24","date_gmt":"2015-12-24T09:53:24","guid":{"rendered":"http:\/\/root.aom-ev.de\/wordpress\/?page_id=32"},"modified":"2018-01-29T17:24:09","modified_gmt":"2018-01-29T16:24:09","slug":"vorstand","status":"publish","type":"page","link":"https:\/\/aom-ev.de\/?page_id=32","title":{"rendered":"Vorstand"},"content":{"rendered":"<table style=\"width: 489px; height: 1747px;\" border=\"0\" align=\"left\">\n<tbody>\n<tr>\n<td>\u00a0<img loading=\"lazy\" decoding=\"async\" class=\"wp-image-258 aligncenter\" src=\"https:\/\/aom-ev.de\/wp-content\/uploads\/2017\/12\/Michael.png\" alt=\"\" width=\"191\" height=\"286\" srcset=\"https:\/\/aom-ev.de\/wp-content\/uploads\/2017\/12\/Michael.png 709w, https:\/\/aom-ev.de\/wp-content\/uploads\/2017\/12\/Michael-200x300.png 200w, https:\/\/aom-ev.de\/wp-content\/uploads\/2017\/12\/Michael-683x1024.png 683w\" sizes=\"auto, (max-width: 191px) 85vw, 191px\" \/><\/td>\n<td align=\"left\" valign=\"top\">\n<h1><span style=\"font-family: tahoma,arial,helvetica,sans-serif; font-size: medium;\">1. Vorsitzender:<\/span><\/h1>\n<p style=\"font-family: Arial,Helvetica,sans-serif; font-size: 12px; font-style: normal; font-weight: bold;\"><span style=\"font-family: verdana,geneva;\">Michael H\u00f6ss<br \/>\n<\/span><span style=\"font-family: verdana,geneva;\">email: <a href=\"mailto:vorstand@aom-ev.de\">vorstand(at)aom-ev.de<\/a><\/span><\/p>\n<\/td>\n<\/tr>\n<tr>\n<td><img loading=\"lazy\" decoding=\"async\" class=\"wp-image-256 aligncenter\" src=\"https:\/\/aom-ev.de\/wp-content\/uploads\/2017\/12\/Dani.png\" alt=\"\" width=\"191\" height=\"286\" srcset=\"https:\/\/aom-ev.de\/wp-content\/uploads\/2017\/12\/Dani.png 510w, https:\/\/aom-ev.de\/wp-content\/uploads\/2017\/12\/Dani-200x300.png 200w\" sizes=\"auto, (max-width: 191px) 85vw, 191px\" \/><\/td>\n<td align=\"left\" valign=\"top\">\n<h1><span style=\"font-family: tahoma,arial,helvetica,sans-serif; font-size: medium;\">2. Vorsitzende<\/span><\/h1>\n<p style=\"font-family: Arial,Helvetica,sans-serif; font-size: 12px; font-style: normal; font-weight: normal;\"><strong><span style=\"font-family: verdana,geneva;\">Daniela Ring<\/span><\/strong><\/p>\n<\/td>\n<\/tr>\n<tr>\n<td><img loading=\"lazy\" decoding=\"async\" class=\"wp-image-259 aligncenter\" src=\"https:\/\/aom-ev.de\/wp-content\/uploads\/2017\/12\/Petra.png\" alt=\"\" width=\"192\" height=\"288\" srcset=\"https:\/\/aom-ev.de\/wp-content\/uploads\/2017\/12\/Petra.png 510w, https:\/\/aom-ev.de\/wp-content\/uploads\/2017\/12\/Petra-200x300.png 200w\" sizes=\"auto, (max-width: 192px) 85vw, 192px\" \/><\/td>\n<td align=\"left\" valign=\"top\">\n<h1><span style=\"font-family: tahoma,arial,helvetica,sans-serif; font-size: medium;\">Kassiererin<\/span><\/h1>\n<p style=\"font-family: Arial,Helvetica,sans-serif; font-size: 12px; font-style: normal;\"><strong><span style=\"font-family: verdana,geneva;\">Petra Glau\u00df<\/span><\/strong><\/p>\n<\/td>\n<\/tr>\n<tr>\n<td><img loading=\"lazy\" decoding=\"async\" class=\"wp-image-255 aligncenter\" src=\"https:\/\/aom-ev.de\/wp-content\/uploads\/2017\/12\/Christine.png\" alt=\"\" width=\"190\" height=\"285\" srcset=\"https:\/\/aom-ev.de\/wp-content\/uploads\/2017\/12\/Christine.png 510w, https:\/\/aom-ev.de\/wp-content\/uploads\/2017\/12\/Christine-200x300.png 200w\" sizes=\"auto, (max-width: 190px) 85vw, 190px\" \/><\/td>\n<td align=\"left\" valign=\"top\">\n<h1><span style=\"font-family: tahoma,arial,helvetica,sans-serif; font-size: medium;\">Schriftf\u00fchrerin<\/span><\/h1>\n<p style=\"font-family: Arial,Helvetica,sans-serif; font-size: 12px; font-style: normal; font-weight: bold;\"><span style=\"font-family: verdana,geneva;\">Christine Lang<\/span><\/p>\n<\/td>\n<\/tr>\n<tr>\n<td><img loading=\"lazy\" decoding=\"async\" class=\"wp-image-260 size-full aligncenter\" src=\"https:\/\/aom-ev.de\/wp-content\/uploads\/2017\/12\/SabinePriska.png\" alt=\"\" width=\"765\" height=\"510\" srcset=\"https:\/\/aom-ev.de\/wp-content\/uploads\/2017\/12\/SabinePriska.png 765w, https:\/\/aom-ev.de\/wp-content\/uploads\/2017\/12\/SabinePriska-300x200.png 300w\" sizes=\"auto, (max-width: 765px) 85vw, 765px\" \/><\/td>\n<td align=\"left\" valign=\"top\">\n<h1><span style=\"font-family: tahoma,arial,helvetica,sans-serif; font-size: medium;\">Unsere Dirigentinnen<\/span><\/h1>\n<p style=\"font-family: Arial,Helvetica,sans-serif; font-size: 12px; font-style: normal; font-weight: bold;\"><span style=\"font-family: verdana,geneva;\">Sabine H\u00f6rmann &amp;<br \/>\nPriska Vogler<br \/>\n<\/span><\/p>\n<\/td>\n<\/tr>\n<tr>\n<td><\/td>\n<td align=\"left\" valign=\"top\">\n<h1><span style=\"font-family: tahoma,arial,helvetica,sans-serif; font-size: medium;\">aktiver Beisitzer<\/span><\/h1>\n<p><span style=\"font-family: verdana, geneva; font-size: small;\"><b>Harald Stehle<\/b><\/span><\/td>\n<\/tr>\n<tr>\n<td><img loading=\"lazy\" decoding=\"async\" class=\"wp-image-257 aligncenter\" src=\"https:\/\/aom-ev.de\/wp-content\/uploads\/2017\/12\/Juergen.jpg\" alt=\"\" width=\"191\" height=\"286\" srcset=\"https:\/\/aom-ev.de\/wp-content\/uploads\/2017\/12\/Juergen.jpg 510w, https:\/\/aom-ev.de\/wp-content\/uploads\/2017\/12\/Juergen-200x300.jpg 200w\" sizes=\"auto, (max-width: 191px) 85vw, 191px\" \/><\/td>\n<td align=\"left\" valign=\"top\">\n<h1><span style=\"font-family: tahoma,arial,helvetica,sans-serif; font-size: medium;\">aktiver Beisitzer<\/span><\/h1>\n<p><span style=\"font-family: tahoma,arial,helvetica,sans-serif; font-size: medium;\"><strong><span style=\"font-family: verdana,geneva; font-size: small;\">J\u00fcrgen Schaffors<\/span><\/strong><br \/>\n<\/span><\/td>\n<\/tr>\n<\/tbody>\n<\/table>\n","protected":false},"excerpt":{"rendered":"<p>\u00a0 1. Vorsitzender: Michael H\u00f6ss email: vorstand(at)aom-ev.de 2. Vorsitzende Daniela Ring Kassiererin Petra Glau\u00df Schriftf\u00fchrerin Christine Lang Unsere Dirigentinnen Sabine H\u00f6rmann &amp; Priska Vogler aktiver Beisitzer Harald Stehle aktiver Beisitzer J\u00fcrgen Schaffors<\/p>\n","protected":false},"author":1,"featured_media":0,"parent":0,"menu_order":0,"comment_status":"closed","ping_status":"closed","template":"","meta":{"_custom_body_class":"","_custom_post_class":"","footnotes":""},"class_list":["post-32","page","type-page","status-publish","hentry"],"_links":{"self":[{"href":"https:\/\/aom-ev.de\/index.php?rest_route=\/wp\/v2\/pages\/32","targetHints":{"allow":["GET"]}}],"collection":[{"href":"https:\/\/aom-ev.de\/index.php?rest_route=\/wp\/v2\/pages"}],"about":[{"href":"https:\/\/aom-ev.de\/index.php?rest_route=\/wp\/v2\/types\/page"}],"author":[{"embeddable":true,"href":"https:\/\/aom-ev.de\/index.php?rest_route=\/wp\/v2\/users\/1"}],"replies":[{"embeddable":true,"href":"https:\/\/aom-ev.de\/index.php?rest_route=%2Fwp%2Fv2%2Fcomments&post=32"}],"version-history":[{"count":9,"href":"https:\/\/aom-ev.de\/index.php?rest_route=\/wp\/v2\/pages\/32\/revisions"}],"predecessor-version":[{"id":298,"href":"https:\/\/aom-ev.de\/index.php?rest_route=\/wp\/v2\/pages\/32\/revisions\/298"}],"wp:attachment":[{"href":"https:\/\/aom-ev.de\/index.php?rest_route=%2Fwp%2Fv2%2Fmedia&parent=32"}],"curies":[{"name":"wp","href":"https:\/\/api.w.org\/{rel}","templated":true}]}}